{"id":303,"date":"2022-03-20T09:16:38","date_gmt":"2022-03-20T09:16:38","guid":{"rendered":"https:\/\/www.elrincondelconcejo.com\/web\/?page_id=303"},"modified":"2022-03-21T11:36:56","modified_gmt":"2022-03-21T11:36:56","slug":"casa-2-el-rincon-del-concejo","status":"publish","type":"page","link":"https:\/\/www.elrincondelconcejo.com\/web\/casa-2-el-rincon-del-concejo\/","title":{"rendered":"Casa 2 &#8211; El Rinc\u00f3n del Concejo"},"content":{"rendered":"\n<div id=\"wp-block-themeisle-blocks-advanced-columns-5f641230\" class=\"wp-block-themeisle-blocks-advanced-columns has-1-columns has-desktop-equal-layout has-tablet-equal-layout has-mobile-equal-layout has-vertical-unset\"><div class=\"wp-block-themeisle-blocks-advanced-columns-overlay\"><\/div><div class=\"innerblocks-wrap\">\n<div id=\"wp-block-themeisle-blocks-advanced-column-186005f7\" class=\"wp-block-themeisle-blocks-advanced-column\">\n<p>Casa de campo situada a 1 km de Arcos de la Frontera. Dispone de un confortable mobiliario que te permitir\u00e1 pasar una estancia inolvidable, con todas las comodidades y servicios que necesites.<\/p>\n\n\n\n<p>La casa tiene 200 m<sup>2<\/sup>, mas 80 m<sup>2<\/sup>\u00a0de sal\u00f3n en la piscina, se encuentra en un terreno de 700 m<sup>2<\/sup>. Tiene capacidad m\u00e1xima para <strong>12 personas<\/strong> en <strong>4 habitaciones<\/strong>, 2 de matrimonio, 1 doble y otra con 1 cama de matrimonio y 2 camas dobles, adem\u00e1s tiene 1 habitaci\u00f3n con sof\u00e1 cama. 1 ba\u00f1o com\u00fan y otro en una habitaci\u00f3n de matrimonio.<\/p>\n\n\n\n<p>Amplio sal\u00f3n con televisi\u00f3n, cocina equipada con frigor\u00edfico, vitrocer\u00e1mica, microondas, lavadora, cafetera y peque\u00f1os electrodom\u00e9sticos. En la piscina tenemos 1 sal\u00f3n amplio, totalmente equipado con cocina, chimenea y ba\u00f1o. Zona para estar con tumbonas.<\/p>\n\n\n\n<p>La casa dispone de una amplia piscina con separador infantil para la protecci\u00f3n de los ni\u00f1os.<\/p>\n\n\n\n<p>Su situaci\u00f3n tiene vistas inmejorables a la pe\u00f1a de Arcos de la Frontera y al conjunto monumental. Descubrir\u00e1s uno de los pueblos m\u00e1s bellos de Espa\u00f1a, declarado monumento hist\u00f3rico art\u00edstico nacional.<\/p>\n<\/div>\n<\/div><\/div>\n\n\n\n<div style=\"height:40px\" aria-hidden=\"true\" class=\"wp-block-spacer\"><\/div>\n\n\n\n<p class=\"has-text-align-center\"><strong>Exterior<\/strong> <strong>de la vivienda<\/strong><\/p>\n\n\n\n<div style=\"height:50px\" aria-hidden=\"true\" class=\"wp-block-spacer\"><\/div>\n\n\n\n<div class=\"wp-block-jetpack-slideshow aligncenter\" data-effect=\"slide\"><div class=\"wp-block-jetpack-slideshow_container swiper-container\"><ul class=\"wp-block-jetpack-slideshow_swiper-wrapper swiper-wrapper\"><li class=\"wp-block-jetpack-slideshow_slide swiper-slide\"><figure><img loading=\"lazy\" decoding=\"async\" width=\"640\" height=\"360\" alt=\"\" class=\"wp-block-jetpack-slideshow_image wp-image-261\" data-id=\"261\" src=\"https:\/\/www.elrincondelconcejo.com\/web\/wp-content\/uploads\/2022\/03\/entrada-casa-2-Arcos-de-la-Frontera.jpg\" srcset=\"https:\/\/www.elrincondelconcejo.com\/web\/wp-content\/uploads\/2022\/03\/entrada-casa-2-Arcos-de-la-Frontera.jpg 640w, https:\/\/www.elrincondelconcejo.com\/web\/wp-content\/uploads\/2022\/03\/entrada-casa-2-Arcos-de-la-Frontera-300x169.jpg 300w\" sizes=\"(max-width: 640px) 100vw, 640px\" \/><\/figure><\/li><li class=\"wp-block-jetpack-slideshow_slide swiper-slide\"><figure><img loading=\"lazy\" decoding=\"async\" width=\"640\" height=\"360\" alt=\"\" class=\"wp-block-jetpack-slideshow_image wp-image-262\" data-id=\"262\" src=\"https:\/\/www.elrincondelconcejo.com\/web\/wp-content\/uploads\/2022\/03\/entrada-de-la-casa-2-Arcos-de-la-Frontera.jpg\" srcset=\"https:\/\/www.elrincondelconcejo.com\/web\/wp-content\/uploads\/2022\/03\/entrada-de-la-casa-2-Arcos-de-la-Frontera.jpg 640w, https:\/\/www.elrincondelconcejo.com\/web\/wp-content\/uploads\/2022\/03\/entrada-de-la-casa-2-Arcos-de-la-Frontera-300x169.jpg 300w\" sizes=\"(max-width: 640px) 100vw, 640px\" \/><\/figure><\/li><li class=\"wp-block-jetpack-slideshow_slide swiper-slide\"><figure><img loading=\"lazy\" decoding=\"async\" width=\"640\" height=\"360\" alt=\"\" class=\"wp-block-jetpack-slideshow_image wp-image-265\" data-id=\"265\" src=\"https:\/\/www.elrincondelconcejo.com\/web\/wp-content\/uploads\/2022\/03\/piscina-casa-2-Arcos-de-la-Frontera.jpg\" srcset=\"https:\/\/www.elrincondelconcejo.com\/web\/wp-content\/uploads\/2022\/03\/piscina-casa-2-Arcos-de-la-Frontera.jpg 640w, https:\/\/www.elrincondelconcejo.com\/web\/wp-content\/uploads\/2022\/03\/piscina-casa-2-Arcos-de-la-Frontera-300x169.jpg 300w\" sizes=\"(max-width: 640px) 100vw, 640px\" \/><\/figure><\/li><li class=\"wp-block-jetpack-slideshow_slide swiper-slide\"><figure><img loading=\"lazy\" decoding=\"async\" width=\"640\" height=\"360\" alt=\"\" class=\"wp-block-jetpack-slideshow_image wp-image-266\" data-id=\"266\" src=\"https:\/\/www.elrincondelconcejo.com\/web\/wp-content\/uploads\/2022\/03\/piscina-en-la-casa-2-Arcos-de-la-Frontera.jpg\" srcset=\"https:\/\/www.elrincondelconcejo.com\/web\/wp-content\/uploads\/2022\/03\/piscina-en-la-casa-2-Arcos-de-la-Frontera.jpg 640w, https:\/\/www.elrincondelconcejo.com\/web\/wp-content\/uploads\/2022\/03\/piscina-en-la-casa-2-Arcos-de-la-Frontera-300x169.jpg 300w\" sizes=\"(max-width: 640px) 100vw, 640px\" \/><\/figure><\/li><li class=\"wp-block-jetpack-slideshow_slide swiper-slide\"><figure><img loading=\"lazy\" decoding=\"async\" width=\"640\" height=\"360\" alt=\"\" class=\"wp-block-jetpack-slideshow_image wp-image-264\" data-id=\"264\" src=\"https:\/\/www.elrincondelconcejo.com\/web\/wp-content\/uploads\/2022\/03\/parte-delantera-casa-2-Arcos-de-la-Frontera.jpg\" srcset=\"https:\/\/www.elrincondelconcejo.com\/web\/wp-content\/uploads\/2022\/03\/parte-delantera-casa-2-Arcos-de-la-Frontera.jpg 640w, https:\/\/www.elrincondelconcejo.com\/web\/wp-content\/uploads\/2022\/03\/parte-delantera-casa-2-Arcos-de-la-Frontera-300x169.jpg 300w\" sizes=\"(max-width: 640px) 100vw, 640px\" \/><\/figure><\/li><li class=\"wp-block-jetpack-slideshow_slide swiper-slide\"><figure><img loading=\"lazy\" decoding=\"async\" width=\"640\" height=\"360\" alt=\"\" class=\"wp-block-jetpack-slideshow_image wp-image-263\" data-id=\"263\" src=\"https:\/\/www.elrincondelconcejo.com\/web\/wp-content\/uploads\/2022\/03\/entrada-por-salon-desde-piscina-casa-2-Arcos-de-la-Frontera.jpg\" srcset=\"https:\/\/www.elrincondelconcejo.com\/web\/wp-content\/uploads\/2022\/03\/entrada-por-salon-desde-piscina-casa-2-Arcos-de-la-Frontera.jpg 640w, https:\/\/www.elrincondelconcejo.com\/web\/wp-content\/uploads\/2022\/03\/entrada-por-salon-desde-piscina-casa-2-Arcos-de-la-Frontera-300x169.jpg 300w\" sizes=\"(max-width: 640px) 100vw, 640px\" \/><\/figure><\/li><\/ul><a class=\"wp-block-jetpack-slideshow_button-prev swiper-button-prev swiper-button-white\" role=\"button\"><\/a><a class=\"wp-block-jetpack-slideshow_button-next swiper-button-next swiper-button-white\" role=\"button\"><\/a><a aria-label=\"Pause Slideshow\" class=\"wp-block-jetpack-slideshow_button-pause\" role=\"button\"><\/a><div class=\"wp-block-jetpack-slideshow_pagination swiper-pagination swiper-pagination-white\"><\/div><\/div><\/div>\n\n\n\n<p class=\"has-text-align-center\"><strong>Entrada<\/strong><\/p>\n\n\n\n<div class=\"wp-block-jetpack-slideshow aligncenter\" data-effect=\"slide\"><div class=\"wp-block-jetpack-slideshow_container swiper-container\"><ul class=\"wp-block-jetpack-slideshow_swiper-wrapper swiper-wrapper\"><li class=\"wp-block-jetpack-slideshow_slide swiper-slide\"><figure><img loading=\"lazy\" decoding=\"async\" width=\"640\" height=\"360\" alt=\"\" class=\"wp-block-jetpack-slideshow_image wp-image-274\" data-id=\"274\" src=\"https:\/\/www.elrincondelconcejo.com\/web\/wp-content\/uploads\/2022\/03\/entrada-recibidor-casa-2-Arcos-de-la-Frontera.jpg\" srcset=\"https:\/\/www.elrincondelconcejo.com\/web\/wp-content\/uploads\/2022\/03\/entrada-recibidor-casa-2-Arcos-de-la-Frontera.jpg 640w, https:\/\/www.elrincondelconcejo.com\/web\/wp-content\/uploads\/2022\/03\/entrada-recibidor-casa-2-Arcos-de-la-Frontera-300x169.jpg 300w\" sizes=\"(max-width: 640px) 100vw, 640px\" \/><\/figure><\/li><\/ul><a class=\"wp-block-jetpack-slideshow_button-prev swiper-button-prev swiper-button-white\" role=\"button\"><\/a><a class=\"wp-block-jetpack-slideshow_button-next swiper-button-next swiper-button-white\" role=\"button\"><\/a><a aria-label=\"Pause Slideshow\" class=\"wp-block-jetpack-slideshow_button-pause\" role=\"button\"><\/a><div class=\"wp-block-jetpack-slideshow_pagination swiper-pagination swiper-pagination-white\"><\/div><\/div><\/div>\n\n\n\n<p class=\"has-text-align-center\"><strong>Habitaciones<\/strong><\/p>\n\n\n\n<div class=\"wp-block-jetpack-slideshow aligncenter\" data-effect=\"slide\"><div class=\"wp-block-jetpack-slideshow_container swiper-container\"><ul class=\"wp-block-jetpack-slideshow_swiper-wrapper swiper-wrapper\"><li class=\"wp-block-jetpack-slideshow_slide swiper-slide\"><figure><img loading=\"lazy\" decoding=\"async\" width=\"640\" height=\"360\" alt=\"\" class=\"wp-block-jetpack-slideshow_image wp-image-258\" data-id=\"258\" src=\"https:\/\/www.elrincondelconcejo.com\/web\/wp-content\/uploads\/2022\/03\/habitacion-doble-casa-2-Arcos-de-la-Frontera.jpg\" srcset=\"https:\/\/www.elrincondelconcejo.com\/web\/wp-content\/uploads\/2022\/03\/habitacion-doble-casa-2-Arcos-de-la-Frontera.jpg 640w, https:\/\/www.elrincondelconcejo.com\/web\/wp-content\/uploads\/2022\/03\/habitacion-doble-casa-2-Arcos-de-la-Frontera-300x169.jpg 300w\" sizes=\"(max-width: 640px) 100vw, 640px\" \/><\/figure><\/li><li class=\"wp-block-jetpack-slideshow_slide swiper-slide\"><figure><img loading=\"lazy\" decoding=\"async\" width=\"640\" height=\"360\" alt=\"\" class=\"wp-block-jetpack-slideshow_image wp-image-260\" data-id=\"260\" src=\"https:\/\/www.elrincondelconcejo.com\/web\/wp-content\/uploads\/2022\/03\/habitacion-principal-con-bano-casa-2-Arcos-de-la-Frontera.jpg\" srcset=\"https:\/\/www.elrincondelconcejo.com\/web\/wp-content\/uploads\/2022\/03\/habitacion-principal-con-bano-casa-2-Arcos-de-la-Frontera.jpg 640w, https:\/\/www.elrincondelconcejo.com\/web\/wp-content\/uploads\/2022\/03\/habitacion-principal-con-bano-casa-2-Arcos-de-la-Frontera-300x169.jpg 300w\" sizes=\"(max-width: 640px) 100vw, 640px\" \/><\/figure><\/li><li class=\"wp-block-jetpack-slideshow_slide swiper-slide\"><figure><img loading=\"lazy\" decoding=\"async\" width=\"640\" height=\"360\" alt=\"\" class=\"wp-block-jetpack-slideshow_image wp-image-259\" data-id=\"259\" src=\"https:\/\/www.elrincondelconcejo.com\/web\/wp-content\/uploads\/2022\/03\/habitacion-matrimonio-casa-2-Arcos-de-la-Frontera.jpg\" srcset=\"https:\/\/www.elrincondelconcejo.com\/web\/wp-content\/uploads\/2022\/03\/habitacion-matrimonio-casa-2-Arcos-de-la-Frontera.jpg 640w, https:\/\/www.elrincondelconcejo.com\/web\/wp-content\/uploads\/2022\/03\/habitacion-matrimonio-casa-2-Arcos-de-la-Frontera-300x169.jpg 300w\" sizes=\"(max-width: 640px) 100vw, 640px\" \/><\/figure><\/li><li class=\"wp-block-jetpack-slideshow_slide swiper-slide\"><figure><img loading=\"lazy\" decoding=\"async\" width=\"640\" height=\"360\" alt=\"\" class=\"wp-block-jetpack-slideshow_image wp-image-257\" data-id=\"257\" src=\"https:\/\/www.elrincondelconcejo.com\/web\/wp-content\/uploads\/2022\/03\/habitacion-de-matrimonio-casa-2-Arcos-de-la-Frontera.jpg\" srcset=\"https:\/\/www.elrincondelconcejo.com\/web\/wp-content\/uploads\/2022\/03\/habitacion-de-matrimonio-casa-2-Arcos-de-la-Frontera.jpg 640w, https:\/\/www.elrincondelconcejo.com\/web\/wp-content\/uploads\/2022\/03\/habitacion-de-matrimonio-casa-2-Arcos-de-la-Frontera-300x169.jpg 300w\" sizes=\"(max-width: 640px) 100vw, 640px\" \/><\/figure><\/li><\/ul><a class=\"wp-block-jetpack-slideshow_button-prev swiper-button-prev swiper-button-white\" role=\"button\"><\/a><a class=\"wp-block-jetpack-slideshow_button-next swiper-button-next swiper-button-white\" role=\"button\"><\/a><a aria-label=\"Pause Slideshow\" class=\"wp-block-jetpack-slideshow_button-pause\" role=\"button\"><\/a><div class=\"wp-block-jetpack-slideshow_pagination swiper-pagination swiper-pagination-white\"><\/div><\/div><\/div>\n\n\n\n<p class=\"has-text-align-center\"><strong>Sal\u00f3n comedor<\/strong><\/p>\n\n\n\n<div class=\"wp-block-jetpack-slideshow aligncenter\" data-effect=\"slide\"><div class=\"wp-block-jetpack-slideshow_container swiper-container\"><ul class=\"wp-block-jetpack-slideshow_swiper-wrapper swiper-wrapper\"><li class=\"wp-block-jetpack-slideshow_slide swiper-slide\"><figure><img loading=\"lazy\" decoding=\"async\" width=\"640\" height=\"360\" alt=\"\" class=\"wp-block-jetpack-slideshow_image wp-image-271\" data-id=\"271\" src=\"https:\/\/www.elrincondelconcejo.com\/web\/wp-content\/uploads\/2022\/03\/salon-de-la-casa-2-Arcos-de-la-Frontera.jpg\" srcset=\"https:\/\/www.elrincondelconcejo.com\/web\/wp-content\/uploads\/2022\/03\/salon-de-la-casa-2-Arcos-de-la-Frontera.jpg 640w, https:\/\/www.elrincondelconcejo.com\/web\/wp-content\/uploads\/2022\/03\/salon-de-la-casa-2-Arcos-de-la-Frontera-300x169.jpg 300w\" sizes=\"(max-width: 640px) 100vw, 640px\" \/><\/figure><\/li><li class=\"wp-block-jetpack-slideshow_slide swiper-slide\"><figure><img loading=\"lazy\" decoding=\"async\" width=\"640\" height=\"360\" alt=\"\" class=\"wp-block-jetpack-slideshow_image wp-image-270\" data-id=\"270\" src=\"https:\/\/www.elrincondelconcejo.com\/web\/wp-content\/uploads\/2022\/03\/salon-casa-2-Arcos-de-la-Frontera.jpg\" srcset=\"https:\/\/www.elrincondelconcejo.com\/web\/wp-content\/uploads\/2022\/03\/salon-casa-2-Arcos-de-la-Frontera.jpg 640w, https:\/\/www.elrincondelconcejo.com\/web\/wp-content\/uploads\/2022\/03\/salon-casa-2-Arcos-de-la-Frontera-300x169.jpg 300w\" sizes=\"(max-width: 640px) 100vw, 640px\" \/><\/figure><\/li><li class=\"wp-block-jetpack-slideshow_slide swiper-slide\"><figure><img loading=\"lazy\" decoding=\"async\" width=\"640\" height=\"360\" alt=\"\" class=\"wp-block-jetpack-slideshow_image wp-image-268\" data-id=\"268\" src=\"https:\/\/www.elrincondelconcejo.com\/web\/wp-content\/uploads\/2022\/03\/comedor-con-sofa-cama-casa-2-Arcos-de-la-Frontera.jpg\" srcset=\"https:\/\/www.elrincondelconcejo.com\/web\/wp-content\/uploads\/2022\/03\/comedor-con-sofa-cama-casa-2-Arcos-de-la-Frontera.jpg 640w, https:\/\/www.elrincondelconcejo.com\/web\/wp-content\/uploads\/2022\/03\/comedor-con-sofa-cama-casa-2-Arcos-de-la-Frontera-300x169.jpg 300w\" sizes=\"(max-width: 640px) 100vw, 640px\" \/><\/figure><\/li><li class=\"wp-block-jetpack-slideshow_slide swiper-slide\"><figure><img loading=\"lazy\" decoding=\"async\" width=\"640\" height=\"360\" alt=\"\" class=\"wp-block-jetpack-slideshow_image wp-image-267\" data-id=\"267\" src=\"https:\/\/www.elrincondelconcejo.com\/web\/wp-content\/uploads\/2022\/03\/comedor-casa-2-Arcos-de-la-Frontera.jpg\" srcset=\"https:\/\/www.elrincondelconcejo.com\/web\/wp-content\/uploads\/2022\/03\/comedor-casa-2-Arcos-de-la-Frontera.jpg 640w, https:\/\/www.elrincondelconcejo.com\/web\/wp-content\/uploads\/2022\/03\/comedor-casa-2-Arcos-de-la-Frontera-300x169.jpg 300w\" sizes=\"(max-width: 640px) 100vw, 640px\" \/><\/figure><\/li><li class=\"wp-block-jetpack-slideshow_slide swiper-slide\"><figure><img loading=\"lazy\" decoding=\"async\" width=\"640\" height=\"360\" alt=\"\" class=\"wp-block-jetpack-slideshow_image wp-image-273\" data-id=\"273\" src=\"https:\/\/www.elrincondelconcejo.com\/web\/wp-content\/uploads\/2022\/03\/salon-que-da-a-la-piscinacasa-2-Arcos-de-la-Frontera.jpg\" srcset=\"https:\/\/www.elrincondelconcejo.com\/web\/wp-content\/uploads\/2022\/03\/salon-que-da-a-la-piscinacasa-2-Arcos-de-la-Frontera.jpg 640w, https:\/\/www.elrincondelconcejo.com\/web\/wp-content\/uploads\/2022\/03\/salon-que-da-a-la-piscinacasa-2-Arcos-de-la-Frontera-300x169.jpg 300w\" sizes=\"(max-width: 640px) 100vw, 640px\" \/><\/figure><\/li><li class=\"wp-block-jetpack-slideshow_slide swiper-slide\"><figure><img loading=\"lazy\" decoding=\"async\" width=\"640\" height=\"360\" alt=\"\" class=\"wp-block-jetpack-slideshow_image wp-image-272\" data-id=\"272\" src=\"https:\/\/www.elrincondelconcejo.com\/web\/wp-content\/uploads\/2022\/03\/salon-que-da-a-la-piscina-casa-2-Arcos-de-la-Frontera.jpg\" srcset=\"https:\/\/www.elrincondelconcejo.com\/web\/wp-content\/uploads\/2022\/03\/salon-que-da-a-la-piscina-casa-2-Arcos-de-la-Frontera.jpg 640w, https:\/\/www.elrincondelconcejo.com\/web\/wp-content\/uploads\/2022\/03\/salon-que-da-a-la-piscina-casa-2-Arcos-de-la-Frontera-300x169.jpg 300w\" sizes=\"(max-width: 640px) 100vw, 640px\" \/><\/figure><\/li><li class=\"wp-block-jetpack-slideshow_slide swiper-slide\"><figure><img loading=\"lazy\" decoding=\"async\" width=\"640\" height=\"360\" alt=\"\" class=\"wp-block-jetpack-slideshow_image wp-image-269\" data-id=\"269\" src=\"https:\/\/www.elrincondelconcejo.com\/web\/wp-content\/uploads\/2022\/03\/mesa-de-comedor-casa-2-Arcos-de-la-Frontera.jpg\" srcset=\"https:\/\/www.elrincondelconcejo.com\/web\/wp-content\/uploads\/2022\/03\/mesa-de-comedor-casa-2-Arcos-de-la-Frontera.jpg 640w, https:\/\/www.elrincondelconcejo.com\/web\/wp-content\/uploads\/2022\/03\/mesa-de-comedor-casa-2-Arcos-de-la-Frontera-300x169.jpg 300w\" sizes=\"(max-width: 640px) 100vw, 640px\" \/><\/figure><\/li><\/ul><a class=\"wp-block-jetpack-slideshow_button-prev swiper-button-prev swiper-button-white\" role=\"button\"><\/a><a class=\"wp-block-jetpack-slideshow_button-next swiper-button-next swiper-button-white\" role=\"button\"><\/a><a aria-label=\"Pause Slideshow\" class=\"wp-block-jetpack-slideshow_button-pause\" role=\"button\"><\/a><div class=\"wp-block-jetpack-slideshow_pagination swiper-pagination swiper-pagination-white\"><\/div><\/div><\/div>\n\n\n\n<p class=\"has-text-align-center\"><strong>Cocina<\/strong><\/p>\n\n\n\n<div class=\"wp-block-jetpack-slideshow aligncenter\" data-effect=\"slide\"><div class=\"wp-block-jetpack-slideshow_container swiper-container\"><ul class=\"wp-block-jetpack-slideshow_swiper-wrapper swiper-wrapper\"><li class=\"wp-block-jetpack-slideshow_slide swiper-slide\"><figure><img loading=\"lazy\" decoding=\"async\" width=\"640\" height=\"360\" alt=\"\" class=\"wp-block-jetpack-slideshow_image wp-image-255\" data-id=\"255\" src=\"https:\/\/www.elrincondelconcejo.com\/web\/wp-content\/uploads\/2022\/03\/cocina-casa-2-Arcos-de-la-Frontera.jpg\" srcset=\"https:\/\/www.elrincondelconcejo.com\/web\/wp-content\/uploads\/2022\/03\/cocina-casa-2-Arcos-de-la-Frontera.jpg 640w, https:\/\/www.elrincondelconcejo.com\/web\/wp-content\/uploads\/2022\/03\/cocina-casa-2-Arcos-de-la-Frontera-300x169.jpg 300w\" sizes=\"(max-width: 640px) 100vw, 640px\" \/><\/figure><\/li><li class=\"wp-block-jetpack-slideshow_slide swiper-slide\"><figure><img loading=\"lazy\" decoding=\"async\" width=\"640\" height=\"360\" alt=\"\" class=\"wp-block-jetpack-slideshow_image wp-image-256\" data-id=\"256\" src=\"https:\/\/www.elrincondelconcejo.com\/web\/wp-content\/uploads\/2022\/03\/cocina-de-casa-2-Arcos-de-la-Frontera.jpg\" srcset=\"https:\/\/www.elrincondelconcejo.com\/web\/wp-content\/uploads\/2022\/03\/cocina-de-casa-2-Arcos-de-la-Frontera.jpg 640w, https:\/\/www.elrincondelconcejo.com\/web\/wp-content\/uploads\/2022\/03\/cocina-de-casa-2-Arcos-de-la-Frontera-300x169.jpg 300w\" sizes=\"(max-width: 640px) 100vw, 640px\" \/><\/figure><\/li><\/ul><a class=\"wp-block-jetpack-slideshow_button-prev swiper-button-prev swiper-button-white\" role=\"button\"><\/a><a class=\"wp-block-jetpack-slideshow_button-next swiper-button-next swiper-button-white\" role=\"button\"><\/a><a aria-label=\"Pause Slideshow\" class=\"wp-block-jetpack-slideshow_button-pause\" role=\"button\"><\/a><div class=\"wp-block-jetpack-slideshow_pagination swiper-pagination swiper-pagination-white\"><\/div><\/div><\/div>\n\n\n\n<p class=\"has-text-align-center\"><strong>Ba\u00f1os<\/strong><\/p>\n\n\n\n<div class=\"wp-block-jetpack-slideshow aligncenter\" data-effect=\"slide\"><div class=\"wp-block-jetpack-slideshow_container swiper-container\"><ul class=\"wp-block-jetpack-slideshow_swiper-wrapper swiper-wrapper\"><li class=\"wp-block-jetpack-slideshow_slide swiper-slide\"><figure><img loading=\"lazy\" decoding=\"async\" width=\"270\" height=\"480\" alt=\"\" class=\"wp-block-jetpack-slideshow_image wp-image-253\" data-id=\"253\" src=\"https:\/\/www.elrincondelconcejo.com\/web\/wp-content\/uploads\/2022\/03\/bano-dorm-principal-casa-2-Arcos-de-la-Frontera.jpg\" srcset=\"https:\/\/www.elrincondelconcejo.com\/web\/wp-content\/uploads\/2022\/03\/bano-dorm-principal-casa-2-Arcos-de-la-Frontera.jpg 270w, https:\/\/www.elrincondelconcejo.com\/web\/wp-content\/uploads\/2022\/03\/bano-dorm-principal-casa-2-Arcos-de-la-Frontera-169x300.jpg 169w\" sizes=\"(max-width: 270px) 100vw, 270px\" \/><\/figure><\/li><li class=\"wp-block-jetpack-slideshow_slide swiper-slide\"><figure><img loading=\"lazy\" decoding=\"async\" width=\"270\" height=\"480\" alt=\"\" class=\"wp-block-jetpack-slideshow_image wp-image-254\" data-id=\"254\" src=\"https:\/\/www.elrincondelconcejo.com\/web\/wp-content\/uploads\/2022\/03\/bano-dormitorio-principal-casa-2-Arcos-de-la-Frontera.jpg\" srcset=\"https:\/\/www.elrincondelconcejo.com\/web\/wp-content\/uploads\/2022\/03\/bano-dormitorio-principal-casa-2-Arcos-de-la-Frontera.jpg 270w, https:\/\/www.elrincondelconcejo.com\/web\/wp-content\/uploads\/2022\/03\/bano-dormitorio-principal-casa-2-Arcos-de-la-Frontera-169x300.jpg 169w\" sizes=\"(max-width: 270px) 100vw, 270px\" \/><\/figure><\/li><li class=\"wp-block-jetpack-slideshow_slide swiper-slide\"><figure><img loading=\"lazy\" decoding=\"async\" width=\"270\" height=\"480\" alt=\"\" class=\"wp-block-jetpack-slideshow_image wp-image-252\" data-id=\"252\" src=\"https:\/\/www.elrincondelconcejo.com\/web\/wp-content\/uploads\/2022\/03\/bano-2-casa-2-Arcos-de-la-Frontera.jpg\" srcset=\"https:\/\/www.elrincondelconcejo.com\/web\/wp-content\/uploads\/2022\/03\/bano-2-casa-2-Arcos-de-la-Frontera.jpg 270w, https:\/\/www.elrincondelconcejo.com\/web\/wp-content\/uploads\/2022\/03\/bano-2-casa-2-Arcos-de-la-Frontera-169x300.jpg 169w\" sizes=\"(max-width: 270px) 100vw, 270px\" \/><\/figure><\/li><\/ul><a class=\"wp-block-jetpack-slideshow_button-prev swiper-button-prev swiper-button-white\" role=\"button\"><\/a><a class=\"wp-block-jetpack-slideshow_button-next swiper-button-next swiper-button-white\" role=\"button\"><\/a><a aria-label=\"Pause Slideshow\" class=\"wp-block-jetpack-slideshow_button-pause\" role=\"button\"><\/a><div class=\"wp-block-jetpack-slideshow_pagination swiper-pagination swiper-pagination-white\"><\/div><\/div><\/div>\n\n\n\n<div class=\"wp-block-buttons is-content-justification-center is-layout-flex wp-container-core-buttons-is-layout-16018d1d wp-block-buttons-is-layout-flex\">\n<div class=\"wp-block-button is-style-default\"><a class=\"wp-block-button__link\" href=\"\/web\/contacto\">CONTACTA CON NOSOTROS<\/a><\/div>\n<\/div>\n","protected":false},"excerpt":{"rendered":"<p>Exterior de la vivienda Entrada Habitaciones Sal\u00f3n comedor Cocina Ba\u00f1os<\/p>\n","protected":false},"author":1,"featured_media":0,"parent":0,"menu_order":0,"comment_status":"closed","ping_status":"closed","template":"","meta":{"neve_meta_sidebar":"","neve_meta_container":"","neve_meta_enable_content_width":"","neve_meta_content_width":0,"neve_meta_title_alignment":"","neve_meta_author_avatar":"","neve_post_elements_order":"","neve_meta_disable_header":"","neve_meta_disable_footer":"","neve_meta_disable_title":"","neve_meta_reading_time":"","_themeisle_gutenberg_block_has_review":false,"footnotes":""},"class_list":["post-303","page","type-page","status-publish","hentry"],"jetpack_sharing_enabled":true,"_links":{"self":[{"href":"https:\/\/www.elrincondelconcejo.com\/web\/wp-json\/wp\/v2\/pages\/303","targetHints":{"allow":["GET"]}}],"collection":[{"href":"https:\/\/www.elrincondelconcejo.com\/web\/wp-json\/wp\/v2\/pages"}],"about":[{"href":"https:\/\/www.elrincondelconcejo.com\/web\/wp-json\/wp\/v2\/types\/page"}],"author":[{"embeddable":true,"href":"https:\/\/www.elrincondelconcejo.com\/web\/wp-json\/wp\/v2\/users\/1"}],"replies":[{"embeddable":true,"href":"https:\/\/www.elrincondelconcejo.com\/web\/wp-json\/wp\/v2\/comments?post=303"}],"version-history":[{"count":14,"href":"https:\/\/www.elrincondelconcejo.com\/web\/wp-json\/wp\/v2\/pages\/303\/revisions"}],"predecessor-version":[{"id":382,"href":"https:\/\/www.elrincondelconcejo.com\/web\/wp-json\/wp\/v2\/pages\/303\/revisions\/382"}],"wp:attachment":[{"href":"https:\/\/www.elrincondelconcejo.com\/web\/wp-json\/wp\/v2\/media?parent=303"}],"curies":[{"name":"wp","href":"https:\/\/api.w.org\/{rel}","templated":true}]}}